{"id":1381,"date":"2009-09-12T05:07:56","date_gmt":"2009-09-12T03:07:56","guid":{"rendered":"http:\/\/www.atelierdecreationlibertaire.com\/alexandre-jacob\/?page_id=1381"},"modified":"2009-09-12T05:07:56","modified_gmt":"2009-09-12T03:07:56","slug":"le-fil-dune-vie","status":"publish","type":"page","link":"http:\/\/www.atelierdecreationlibertaire.com\/alexandre-jacob\/le-fil-dune-vie\/","title":{"rendered":"Le fil d&rsquo;une vie"},"content":{"rendered":"<p><a href=\"http:\/\/www.atelierdecreationlibertaire.com\/alexandre-jacob\/wp-content\/uploads\/sablier.jpg\"><img decoding=\"async\" loading=\"lazy\" class=\"alignleft size-medium wp-image-1382\" title=\"sablier\" src=\"http:\/\/www.atelierdecreationlibertaire.com\/alexandre-jacob\/wp-content\/uploads\/sablier-166x300.jpg\" alt=\"\" width=\"85\" height=\"153\" srcset=\"http:\/\/www.atelierdecreationlibertaire.com\/alexandre-jacob\/wp-content\/uploads\/sablier-166x300.jpg 166w, http:\/\/www.atelierdecreationlibertaire.com\/alexandre-jacob\/wp-content\/uploads\/sablier.jpg 249w\" sizes=\"(max-width: 85px) 100vw, 85px\" \/><\/a><\/p>\n<p>\u00a0<\/p>\n<p>Une chronologie pour se rep\u00e9rer. Une chronologie pour comprendre. Une chronologie pour \u00e9tablir un lien, pour suivre un fil. Parfois \u00e9pais. Parfois t\u00e9nu. Le fil d&rsquo;une vie. Celui que l&rsquo;honn\u00eate cambrioleur en retraite Jacob coupe le 28 ao\u00fbt 1954. Une chronologie \u00e0 caract\u00e8re historiographique aussi. A lire, \u00e0 commenter, \u00e0 compl\u00e9ter \u00e9ventuellement, \u00e0 imprimer, etc&#8230;<\/p>\n<p><strong><\/strong><\/p>\n<p><strong><\/strong><\/p>\n<p><strong>1879\u00a0:<\/strong><\/p>\n<ul>\n<li>&#8211; <span style=\"text-decoration: underline;\">29 septembre:<\/span> <a href=\"http:\/\/www.atelierdecreationlibertaire.com\/alexandre-jacob\/2008\/04\/le-petit-jacob-vu-par\/#more-124\">Naissance d&rsquo;Alexandre Marius Jacob<\/a>, fils de Joseph et de Marie Elisabeth Berthou.<\/li>\n<\/ul>\n<p><strong>Vers 1889\u00a0:<\/strong><\/p>\n<ul>\n<li>&#8211; Scolarit\u00e9 chez les Fr\u00e8res des Ecoles Chr\u00e9tiennes de Marseille.<\/li>\n<li>&#8211; Certificat d&rsquo;\u00e9tude.<\/li>\n<\/ul>\n<p><strong>1890\u00a0:<\/strong><\/p>\n<ul>\n<li>&#8211; <span style=\"text-decoration: underline;\">d\u00e9cembre:<\/span> Rencontre avec le capitaine Martinaud de la compagnie Freycinet.<\/li>\n<\/ul>\n<p><strong>Vers 1891\u00a0:<\/strong><\/p>\n<ul>\n<li>&#8211; <span style=\"text-decoration: underline;\">22 janvier:<\/span> Embarquement comme mousse \u00e0 bord du Thibet.<\/li>\n<li>&#8211; Embarquement sur le <a href=\"http:\/\/www.atelierdecreationlibertaire.com\/alexandre-jacob\/2008\/04\/souvenirs-de-mousse\/#more-172\">Ville de la Ciotat<\/a> en partance pour Noum\u00e9a et Sydney.<\/li>\n<\/ul>\n<p><strong><\/strong><\/p>\n<p><strong>Vers 1893\u00a0:<\/strong><\/p>\n<ul>\n<li>&#8211; D\u00e9sertion \u00e0 Sydney.<\/li>\n<li>&#8211; Jacob pirate?<\/li>\n<li>&#8211; Arrestation \u00e0 Marseille, Jacob est jug\u00e9 pour d\u00e9sertion et acquitt\u00e9 au regard de son jeune \u00e2ge.<\/li>\n<\/ul>\n<p><strong>1896\u00a0:<\/strong><\/p>\n<ul>\n<li>&#8211; abandon de la navigation<\/li>\n<\/ul>\n<p><strong>1897\u00a0:<\/strong><\/p>\n<ul>\n<li>&#8211; Activisme anarchiste au sein du groupe de la <a href=\"http:\/\/www.atelierdecreationlibertaire.com\/alexandre-jacob\/2008\/06\/les-agitateurs-de-la-jeunesse-internationale\/#more-459\">Jeunesse Internationale de Marseille<\/a><\/li>\n<li>&#8211; <span style=\"text-decoration: underline;\">F\u00e9vrier:<\/span> Participation au deux num\u00e9ros du journal anarchiste marseillais <em><a href=\"http:\/\/www.atelierdecreationlibertaire.com\/alexandre-jacob\/2008\/05\/l%e2%80%99agitateur\/#more-337\">L&rsquo;Agitateur<\/a>.<\/em><\/li>\n<li>&#8211; <span style=\"text-decoration: underline;\">3 ao\u00fbt:<\/span> <a href=\"http:\/\/www.atelierdecreationlibertaire.com\/alexandre-jacob\/2008\/05\/fabrication-d%e2%80%99explosifs\/#more-304\">Arrestation de Jacob et des anarchistes Rappalo et babault <\/a>sur d\u00e9nonciation de Leca \u00e0 Marseille.<\/li>\n<li>&#8211; <span style=\"text-decoration: underline;\">1<sup>er<\/sup> septembre:<\/span> Le tribunal correctionnel de Marseille condamne Jacob \u00e0 6 mois de prison et 50 francs d&rsquo;amende pour <a href=\"http:\/\/www.atelierdecreationlibertaire.com\/alexandre-jacob\/2008\/05\/lindicateur-anarchiste\/#more-353\">fabrication d&rsquo;explosifs<\/a>.<\/li>\n<\/ul>\n<p><strong>1898\u00a0:<\/strong><\/p>\n<ul>\n<li>&#8211; Installation \u00e0 Marseille de l&rsquo;\u00e9quipe du <em>Libertaire<\/em><\/li>\n<li>&#8211; Jacob apprenti typographe, <a href=\"http:\/\/www.atelierdecreationlibertaire.com\/alexandre-jacob\/2009\/05\/honnete-pharmacie\/#more-1093\">apprenti pharmacien<\/a>, secr\u00e9taire dans une fonderie aux Chartreux \u00e0 Marseille, licenci\u00e9 syst\u00e9matiquement apr\u00e8s visite de la police marseillaise.<em><\/em><\/li>\n<li>&#8211; 22 septembre: Jacob acquitt\u00e9 de l&rsquo;accusation de la tentative de vol commis \u00e0 la fonderie des Chartreux<em><\/em><\/li>\n<\/ul>\n<p><strong>1899\u00a0:<\/strong><\/p>\n<ul>\n<li>&#8211; <span style=\"text-decoration: underline;\">31 mars:<\/span> <a href=\"http:\/\/www.atelierdecreationlibertaire.com\/alexandre-jacob\/2008\/11\/marseille-31-mars-1899\/#more-659\">Vol audacieux au Mont de pi\u00e9t\u00e9 de Marseille<\/a> en compagnie d&rsquo;<a href=\"http:\/\/www.atelierdecreationlibertaire.com\/alexandre-jacob\/2009\/02\/arthur-le-voleur\/#more-808\">Arthur Roques<\/a>, Morel et Joseph Jacob.<\/li>\n<li>&#8211; <span style=\"text-decoration: underline;\">Jusqu&rsquo;en juin:<\/span> s\u00e9rie de vols commis dans le midi, en Espagne (projet de vol \u00e0 Saint de Compostelle?), \u00e0 Mont\u00e9 Carlo et en Italie<\/li>\n<li>&#8211; <span style=\"text-decoration: underline;\">9 juin:<\/span> Condamnation de Jacob par contumace pour l&rsquo;affaire du Mont de Pi\u00e9t\u00e9 \u00e0 5 ans de prison et 3000 francs d&rsquo;amende.<\/li>\n<li>&#8211; <span style=\"text-decoration: underline;\">29 juin:<\/span> arrestation sur d\u00e9nonciation de Jacob \u00e0 Toulon.<\/li>\n<li>&#8211; <span style=\"text-decoration: underline;\">18 octobre:<\/span> <a href=\"http:\/\/www.atelierdecreationlibertaire.com\/alexandre-jacob\/2009\/01\/fou\/#more-789\">La cour d&rsquo;appel d&rsquo;Aix en Provence ordonne le placement et l&rsquo;observation de Jacob qui simule la folie \u00e0 l&rsquo;asile de Montperrin de cette ville<\/a>.<\/li>\n<li>&#8211; Jacob se lie d&rsquo;amiti\u00e9 avec l&rsquo;infirmier anarchiste Marius Roy\u00e8res<\/li>\n<\/ul>\n<p><strong><\/strong><\/p>\n<p><strong>1900\u00a0:<\/strong><\/p>\n<ul>\n<li>&#8211; <span style=\"text-decoration: underline;\">nuit du 18 au 19 avril:<\/span> <a href=\"http:\/\/www.atelierdecreationlibertaire.com\/alexandre-jacob\/2009\/04\/fou-fuyant\/#more-823\">Evasion de l&rsquo;asile du Montperrin \u00e0 Aix en Provence<\/a><\/li>\n<li>&#8211; Jacob se r\u00e9fugie \u00e0 S\u00e8te chez l&rsquo;anarchiste Saurel, ami de Caserio, et forme chez lui sa premi\u00e8re bande de cambrioleurs.<\/li>\n<li>&#8211; <span style=\"text-decoration: underline;\">Entre le 17 et 23 juillet:<\/span> cambriolage de la r\u00e9sidence secondaire \u00e0 S\u00e8te de l&rsquo;avocat montpelli\u00e9rain Torquebiau<\/li>\n<li>&#8211; La bande de voleurs \u00e9cume tout le midi<\/li>\n<\/ul>\n<p><strong>1901\u00a0:<\/strong><\/p>\n<ul>\n<li>&#8211; Installation \u00e0 Paris, boulevard d&rsquo;Ornano puis rue Leibniz. <a href=\"http:\/\/www.atelierdecreationlibertaire.com\/alexandre-jacob\/2008\/06\/une-usine-a-voleurs\/#more-419\">L&rsquo;activit\u00e9 des Travailleurs de la Nuit commence.<\/a><\/li>\n<li>&#8211; A Paris Jacob devient Georges Escande, antiquaire, il fr\u00e9quente le caf\u00e9 Mugniez o\u00f9 se retrouvent socialistes, anarchistes et royalistes;il se rend fr\u00e9quemment aux Causeries Populaires anim\u00e9es par Libertad<\/li>\n<li>&#8211; <span style=\"text-decoration: underline;\">28 f\u00e9vrier:<\/span> Jacob r\u00e9ussit \u00e0 s&rsquo;\u00e9chapper de l&rsquo;interpellation de policiers orl\u00e9anais en faisant feu sur l&rsquo;agent Couillot; son complice Roy\u00e8res est arr\u00eat\u00e9.<\/li>\n<li>&#8211; Jacob employ\u00e9 comme acteur dans la pi\u00e8ce Quo Vadis \u00e0 Paris<\/li>\n<li>&#8211; Jacob passe en Allemagne et <a href=\"http:\/\/www.atelierdecreationlibertaire.com\/alexandre-jacob\/2008\/05\/bienvenue-dans-les-vosges\/\">manque de se faire arr\u00eater \u00e0 Epinal<\/a><\/li>\n<li>&#8211; <span style=\"text-decoration: underline;\">9 juin:<\/span> <a href=\"http:\/\/www.atelierdecreationlibertaire.com\/alexandre-jacob\/2008\/10\/vols-au-mans\/#more-629\">cambriolage de la r\u00e9sidence du juge de paix Hulot au Mans<\/a>; un billet sign\u00e9 Attila est laiss\u00e9 sur place: \u00ab<em>Au juge de paix nous faisons la guerre<\/em>\u00bb.<\/li>\n<li>&#8211; <span style=\"text-decoration: underline;\">Septembre:<\/span> cambriolage \u00e0 Spa du ch\u00e2teau de la reine des Belges.<\/li>\n<li>&#8211; <span style=\"text-decoration: underline;\">6 octobre:<\/span> <a href=\"http:\/\/www.atelierdecreationlibertaire.com\/alexandre-jacob\/2008\/04\/vol-bourdin-76-rue-quincampoix-paris-le-6-octobre-1901\/#more-41\">vol Bourdin rue Quincampoix \u00e0 Paris<\/a> en compagnie de <a href=\"http:\/\/www.atelierdecreationlibertaire.com\/alexandre-jacob\/2008\/04\/jules-clarenson\/#more-18\">Clarenson<\/a> et Bonnefoy.<\/li>\n<li>&#8211; <span style=\"text-decoration: underline;\">24 novembre:<\/span> vol Gu\u00e9nard \u00e0 Amiens.<\/li>\n<li>&#8211; Jacob quitte Paris apr\u00e8s le vol Bourdin, il r\u00e9side \u00e0 Bordeaux avec <a href=\"http:\/\/www.atelierdecreationlibertaire.com\/alexandre-jacob\/2008\/05\/bonnefoy-honore-alphonse-joseph\/#more-272\">Honor\u00e9 Bonnefoy<\/a> puis \u00e0 Toulouse, puis reviens sur Paris au bout de six mois.<\/li>\n<li>&#8211; Possibles cambriolages en Afrique du Nord et en Egypte<\/li>\n<\/ul>\n<p><strong>1902\u00a0:<\/strong><\/p>\n<ul>\n<li>&#8211; <span style=\"text-decoration: underline;\">Janvier:<\/span> arrestation de Clarenson au casino de Mont\u00e9 Carlo.<\/li>\n<li>&#8211; <span style=\"text-decoration: underline;\">14 mai:<\/span> la cour d&rsquo;assises de la Charente condamne Arthur Roques aux travaux forc\u00e9s \u00e0 perp\u00e9tuit\u00e9, peine ramen\u00e9 \u00e0 dix ans le 7 octobre<\/li>\n<li>&#8211; <a href=\"http:\/\/www.atelierdecreationlibertaire.com\/alexandre-jacob\/2008\/04\/felix-bour\/#more-17\">Felix Bour <\/a>int\u00e8gre la bande<\/li>\n<li>&#8211; <span style=\"text-decoration: underline;\">22 novembre:<\/span> Cambriolage de l&rsquo;\u00e9glise de Brumetz et du ch\u00e2teau de la comtesse de Melun<\/li>\n<\/ul>\n<p><strong><\/strong><\/p>\n<p><strong>1903\u00a0:<\/strong><\/p>\n<ul>\n<li>&#8211; <span style=\"text-decoration: underline;\">Janvier:<\/span> <a href=\"http:\/\/www.atelierdecreationlibertaire.com\/alexandre-jacob\/2008\/08\/vol-a-rochefort\/#more-570\">cambriolage de la maison de Pierre Loti<\/a><\/li>\n<li>&#8211; <span style=\"text-decoration: underline;\">22 janvier:<\/span> arrestation de <a href=\"http:\/\/www.atelierdecreationlibertaire.com\/alexandre-jacob\/2008\/04\/joseph-ferrand\/#more-19\">Ferrand<\/a> et Vaillant \u00e0 la suite d&rsquo;un vol commis \u00e0 Nevers<\/li>\n<li>&#8211; <span style=\"text-decoration: underline;\">27 mars:<\/span> <a href=\"http:\/\/www.atelierdecreationlibertaire.com\/alexandre-jacob\/2008\/06\/vol-a-tours\/#more-464\">cambriolage de la cath\u00e9drale de Tours<\/a><\/li>\n<li>&#8211; <span style=\"text-decoration: underline;\">nuit du 21 au 22 avril:<\/span> Echec du cambriolage Tilloloy \u00e0 Abbeville; <a href=\"http:\/\/www.atelierdecreationlibertaire.com\/alexandre-jacob\/2008\/04\/larrestation-de-jacob-la-version-de-la-justice\/#more-79\">\u00abdrame\u00bb de Pontr\u00e9my<\/a>, <a href=\"http:\/\/www.atelierdecreationlibertaire.com\/alexandre-jacob\/2008\/08\/le-heros-du-jour\/#more-512\">l&rsquo;agent Pruvost est tu\u00e9 par F\u00e9lix Bour<\/a>, Jacob est arr\u00eat\u00e9 \u00e0 Airaisne.<\/li>\n<li>&#8211; La bande dite d&rsquo;Abbeville est progressivement d\u00e9mantel\u00e9e, <a href=\"http:\/\/www.atelierdecreationlibertaire.com\/alexandre-jacob\/2008\/05\/l%e2%80%99oeil-de-la-police-picarde\/#more-238\">le juge Att\u00e9 m\u00e8ne l&rsquo;instruction.<\/a><\/li>\n<\/ul>\n<p><a href=\"http:\/\/www.atelierdecreationlibertaire.com\/alexandre-jacob\/2008\/05\/l%e2%80%99oeil-de-la-police-picarde\/#more-238\">\u00a0<\/a><\/p>\n<p><strong>1904\u00a0:<\/strong><\/p>\n<ul>\n<li>&#8211; <span style=\"text-decoration: underline;\">28 ao\u00fbt:<\/span> Billet de Jacob, incarc\u00e9r\u00e9 \u00e0 la prison d&rsquo;Abbeville et demandant aux camarades parisiens d&rsquo;\u00e9liminer Gabrielle Damiens, amante de Joseph Ferrand, dont les aveux \u00e0 l&rsquo;instruction ont amen\u00e9 au d\u00e9mant\u00e8lement des Travailleurs de la nuit.<\/li>\n<li>&#8211; <span style=\"text-decoration: underline;\">Septembre?:<\/span> mort \u00e0 Paris de Gabrielle Damiens.<\/li>\n<li>&#8211; <span style=\"text-decoration: underline;\">D\u00e9cembre:<\/span> <a href=\"http:\/\/www.atelierdecreationlibertaire.com\/alexandre-jacob\/2008\/05\/germinal-le-journal-du-peuple-et-d%e2%80%99alexandre\/#more-288\">cr\u00e9ation \u00e0 Amiens du journal anarchiste Germinal<\/a>, totalement acquis \u00e0 la cause de la d\u00e9fense de Jacob et des Travailleurs de la Nuit.<\/li>\n<\/ul>\n<p><strong>1905\u00a0:<\/strong><\/p>\n<ul>\n<li>&#8211; <span style=\"text-decoration: underline;\">6 f\u00e9vrier:<\/span> mort de Marius Roy\u00e8res \u00e0 la prison de Fontevrault<span style=\"text-decoration: underline;\">.<\/span><\/li>\n<li>&#8211; <span style=\"text-decoration: underline;\">du 8 au 22 mars:<\/span> <a href=\"http:\/\/www.atelierdecreationlibertaire.com\/alexandre-jacob\/category\/les-declarations-anarchistes-au-palais-dinjustice\/\"><strong>Proc\u00e8s d&rsquo;Amiens<\/strong>.<\/a><\/li>\n<li>&#8211; <span style=\"text-decoration: underline;\">14 mars:<\/span> expulsion de Jacob et de 7 autres inculp\u00e9s \u00e0 la suite d&rsquo;un incident entre les avocats de la d\u00e9fense et le pr\u00e9sident Wehekind<\/li>\n<li>&#8211; <span style=\"text-decoration: underline;\">22 mars:<\/span> <a href=\"http:\/\/www.atelierdecreationlibertaire.com\/alexandre-jacob\/2009\/03\/mercredi-22-mars-1905\/#more-1054\">Verdict<\/a>, Jacob est condamn\u00e9 aux travaux forc\u00e9s \u00e0 perp\u00e9tuit\u00e9.<\/li>\n<li>&#8211; <span style=\"text-decoration: underline;\">6 ou 7 avril 1905:<\/span> transfert de Jacob \u00e0 la prison d&rsquo;Orl\u00e9ans, \u00ab<em>le pays des frelons<\/em>\u00bb, d\u00e9but de la correspondance avec Marie Jacob<\/li>\n<li>&#8211; <span style=\"text-decoration: underline;\">3 juillet:<\/span> mort de Joseph Jacob<\/li>\n<li>&#8211; <span style=\"text-decoration: underline;\">24 juillet:<\/span> <strong><a href=\"http:\/\/www.atelierdecreationlibertaire.com\/alexandre-jacob\/2008\/05\/le-proces-d%e2%80%99orleans-24-juillet-1905\/#more-252\">Proc\u00e8s d&rsquo;Orl\u00e9ans<\/a><\/strong>, Jacob est condamn\u00e9 \u00e0 20 ans de travaux forc\u00e9s pour tentative d&rsquo;homicide sur l&rsquo;agent Couillot.<\/li>\n<li>&#8211; <span style=\"text-decoration: underline;\">2 ao\u00fbt:<\/span> Jacob franchit les portes de la citadelle de Saint Martin de R\u00e9; il est imm\u00e9diatement mis \u00e0 l&rsquo;isolement dans l&rsquo;infirmerie du d\u00e9p\u00f4t p\u00e9nitentiaire.<\/li>\n<li>&#8211; <span style=\"text-decoration: underline;\">1<sup>er<\/sup> octobre:<\/span> <strong>Proc\u00e8s de Laon<\/strong>, Marie Jacob et <a href=\"http:\/\/www.atelierdecreationlibertaire.com\/alexandre-jacob\/2008\/04\/jacques-sautarel\/#more-21\">Jacques Sautarel <\/a>sont acquitt\u00e9s, Rose Roux, l&rsquo;amie de Jacob, voit la condamnation d&rsquo;Amiens (5 ans) confirm\u00e9e.<\/li>\n<li>&#8211; <span style=\"text-decoration: underline;\">22 d\u00e9cembre:<\/span> Embarquement sur <em>le Loire<\/em> pour la Guyane, via Alger.<\/li>\n<\/ul>\n<p>\u00a0<\/p>\n<p><strong>1906\u00a0:<\/strong><\/p>\n<ul>\n<li>&#8211; <span style=\"text-decoration: underline;\">13 janvier :<\/span> Arriv\u00e9e <a href=\"http:\/\/www.atelierdecreationlibertaire.com\/alexandre-jacob\/2008\/05\/vision-des-iles-du-salut\/#more-246\">aux \u00eeles du Salut<\/a>.<\/li>\n<\/ul>\n<p><strong><\/strong><\/p>\n<p><strong>1907\u00a0:<\/strong><\/p>\n<ul>\n<li>&#8211; <a href=\"http:\/\/www.atelierdecreationlibertaire.com\/alexandre-jacob\/2008\/04\/rose-est-morte\/#more-160\">Mort de Rose Roux<\/a>, la compagne de Jacob, en prison.<\/li>\n<\/ul>\n<p><strong>1908\u00a0:<\/strong><\/p>\n<ul>\n<li>&#8211; <span style=\"text-decoration: underline;\">janvier &#8211; mars:<\/span> <a href=\"http:\/\/www.atelierdecreationlibertaire.com\/alexandre-jacob\/2008\/05\/barrabas-se-marie\/#more-297\">Affaire Olga Kazelnelson:<\/a> Charles Malato aurait trouv\u00e9 une jeune femme d&rsquo;origine russe qui aurait accept\u00e9 de contracter un mariage blanc avec Jacob afin que celui-ci puisse \u00eatre envoy\u00e9 en concession.<\/li>\n<li>&#8211; Classement de Jacob dans la cat\u00e9gorie B des intern\u00e9s aux \u00eeles du Salut<\/li>\n<li>&#8211; <span style=\"text-decoration: underline;\">25 d\u00e9cembre:<\/span> <a href=\"http:\/\/www.atelierdecreationlibertaire.com\/alexandre-jacob\/2008\/04\/antoine-mesclon-l%e2%80%99affaire-capeletti-et-le-forcat-jacob\/#more-129\">Affaire Capelletti<\/a>; averti par le for\u00e7at Ferranti, Jacob et Ferrand tuent Capelletti qui a tent\u00e9 d&#8217;empoisonner Jacob.<\/li>\n<\/ul>\n<p>\u00a0<\/p>\n<p><strong>1909\u00a0:<\/strong><\/p>\n<ul>\n<li>&#8211; <span style=\"text-decoration: underline;\">5 octobre:<\/span> le TMS condamne Jacob et Ferrand \u00e0 <a href=\"http:\/\/www.atelierdecreationlibertaire.com\/alexandre-jacob\/2009\/01\/enfermes\/#more-954\">5 ans de r\u00e9clusion<\/a> pour le meurtre de Capelletti.<\/li>\n<li>&#8211; <span style=\"text-decoration: underline;\">11 octobre:<\/span> Sur le vapeur Maroni qui ram\u00e8ne Jacob et Ferrand aux Iles du Salut, le surveillant Bonal abat le for\u00e7at Vinci, Ferrand tente de s&rsquo;\u00e9vader en se jetant \u00e0 l&rsquo;eau, Jacob et Ferrand \u00e0 leur retour d\u00e9posent une plainte relatant l&rsquo;affaire.<\/li>\n<\/ul>\n<p><strong>1910\u00a0:<\/strong><\/p>\n<ul>\n<li>&#8211; <span style=\"text-decoration: underline;\">13 avril:<\/span> le TMS confirme en appel la condamnation de Jacob et Ferrand mais ram\u00e8ne la peine \u00e0 <a href=\"http:\/\/www.atelierdecreationlibertaire.com\/alexandre-jacob\/2009\/01\/enfermes\/#more-954\">2 ans de r\u00e9clusion<\/a> \u00e0 compter de cette date.<\/li>\n<li>&#8211; <span style=\"text-decoration: underline;\">mai:<\/span> L&rsquo;AP met la main sur deux revolvers, cach\u00e9s dans des boites de sardines, adress\u00e9s au for\u00e7at Fau et semble-t-il destin\u00e9s \u00e0 Jacob.<\/li>\n<\/ul>\n<p><strong>1911\u00a0:<\/strong><\/p>\n<ul>\n<li>&#8211; <span style=\"text-decoration: underline;\">12 novembre:<\/span> le TMS acquitte Jacob et Ferrand de l&rsquo;accusation de d\u00e9nonciation calomnieuse dans l&rsquo;affaire du meurtre du for\u00e7at Vinci.<\/li>\n<\/ul>\n<p><strong>1912\u00a0:<\/strong><\/p>\n<ul>\n<li>&#8211; <span style=\"text-decoration: underline;\">17 juin:<\/span> Fin de la r\u00e9clusion cellulaire de Jacob qui alterne des phases d&rsquo;opposition \u00e0 l&rsquo;Administration P\u00e9nitentiaire et des phases d\u00e9pressives<\/li>\n<\/ul>\n<p>&#8211; <span style=\"text-decoration: underline;\">fin de l&rsquo;ann\u00e9e\u00a0:<\/span> tentative de prises d&rsquo;armes sur l&rsquo;\u00eele Royale\u00a0?<\/p>\n<p><strong><\/strong><\/p>\n<p><strong>1913\u00a0:<\/strong><\/p>\n<ul>\n<li>&#8211; <span style=\"text-decoration: underline;\">27 janvier :<\/span> le TMS acquitte Jacob de l&rsquo;accusation de complicit\u00e9 de tentative d&rsquo;\u00e9vasion avec deux autres for\u00e7ats, Radtke Deleuze.<\/li>\n<\/ul>\n<p><strong><\/strong><\/p>\n<p><strong>1915\u00a0:<\/strong><\/p>\n<ul>\n<li>&#8211; projet de Jacob d&rsquo;\u00e9crire un ouvrage de sociologie criminelle.<\/li>\n<\/ul>\n<p><strong>1916\u00a0:<\/strong><\/p>\n<ul>\n<li>&#8211; <span style=\"text-decoration: underline;\">1<sup>er<\/sup> avril:<\/span> Jacob est nomm\u00e9 \u00e0 la seconde classe.<\/li>\n<li>&#8211; <span style=\"text-decoration: underline;\">mars &#8211; d\u00e9cembre:<\/span> Projet de Jacob pour faire sauter le vapeur Maroni.<\/li>\n<\/ul>\n<p><strong>1917\u00a0:<\/strong><\/p>\n<ul>\n<li>&#8211; \u00e9chec du projet d&rsquo;\u00e9vasion avec Dieudonn\u00e9, alias Emilienne dans la correspondance avec Marie Jacob.<\/li>\n<li>&#8211; <span style=\"text-decoration: underline;\">fin de l&rsquo;ann\u00e9e:<\/span> Jacob s&rsquo;\u00e9vade \u00e0 l&rsquo;aide de flotteurs mais il est rejet\u00e9 sur les rives rocheuses de l&rsquo;\u00eele Royale. Jacob absorbe du chlorhydrate de morphine, provoquant ainsi une mort apparente, mais la supercherie est d\u00e9couverte par le m\u00e9decin des \u00eeles.<\/li>\n<li>&#8211; <span style=\"text-decoration: underline;\">24 d\u00e9cembre:<\/span> mariage de l&rsquo;artiste de boulevard Romanitza avec l&rsquo;avocat parisien Andr\u00e9 Aron. Marie Jacob travaille comme couturi\u00e8re pour Romanitza Aron et le couple devient le pivot central des d\u00e9marches de Marie Jacob en faveur de son bagnard de fils.<\/li>\n<\/ul>\n<p><strong>1918<\/strong><\/p>\n<ul>\n<li>&#8211; <span style=\"text-decoration: underline;\">10 avril:<\/span> les TMS condamne Jacob \u00e0 deux ans de r\u00e9clusion pour tentative d&rsquo;\u00e9vasion<\/li>\n<li>&#8211; <span style=\"text-decoration: underline;\">1<sup>er<\/sup> ao\u00fbt:<\/span> le TMS casse et annule en appel de la condamnation \u00e0 deux ans de r\u00e9clusion.<\/li>\n<\/ul>\n<p><strong>1919\u00a0:<\/strong><\/p>\n<ul>\n<li>&#8211; <span style=\"text-decoration: underline;\">31 mars:<\/span> le TMS acquitte Jacob pour sa tentative d&rsquo;\u00e9vasion<\/li>\n<\/ul>\n<p><strong>1920\u00a0:<\/strong><\/p>\n<ul>\n<li>&#8211; <span style=\"text-decoration: underline;\">1<sup>er<\/sup> avril:<\/span> Jacob est nomm\u00e9 \u00e0 la premi\u00e8re classe.<\/li>\n<li>&#8211; <span style=\"text-decoration: underline;\">1<sup>er<\/sup> septembre:<\/span> Arriv\u00e9e du <a href=\"http:\/\/www.atelierdecreationlibertaire.com\/alexandre-jacob\/2008\/08\/oncle-louis\/#more-501\">docteur Louis Rousseau <\/a>aux \u00eeles du Salut, amiti\u00e9 avec Jacob.<\/li>\n<li>&#8211; Echec d&rsquo;un placement en assignation chez Jean Galmot<\/li>\n<li>&#8211; Jacob travaille comme gar\u00e7on de famille chez le surveillant chef Pasqualini et chez le gestionnaire des \u00eeles du Salut Alric<\/li>\n<\/ul>\n<p><strong>1922\u00a0:<\/strong><\/p>\n<ul>\n<li>&#8211; Louis Rousseau quitte la Guyane; en France l&rsquo;ancien m\u00e9decin des bagnards m\u00e8ne une active campagne en faveur de son ami Jacob<\/li>\n<\/ul>\n<p><strong>1923\u00a0:<\/strong><\/p>\n<ul>\n<li>&#8211; rencontre avec Albert Londres<\/li>\n<\/ul>\n<p><strong>1925\u00a0:<\/strong><\/p>\n<ul>\n<li>&#8211; Ultime projet d&rsquo;<a href=\"http:\/\/www.atelierdecreationlibertaire.com\/alexandre-jacob\/2008\/05\/la-belle\/#more-319\">\u00e9vasion<\/a>.<\/li>\n<li>&#8211; <span style=\"text-decoration: underline;\">f\u00e9vrier &#8211; mars:<\/span> Campagne de presse en faveur de la lib\u00e9ration de Jacob men\u00e9e par les journalistes Million dans <em>Le Peuple<\/em> et Roubaud dans <em>Le Quotidien.<\/em><\/li>\n<li>&#8211; <span style=\"text-decoration: underline;\">8 juillet:<\/span> D\u00e9cret pr\u00e9sidentiel commuant la peine de Jacob \u00e0 5 ans de r\u00e9clusion \u00e0 purger en m\u00e9tropole.<\/li>\n<li>&#8211; <span style=\"text-decoration: underline;\">18 octobre:<\/span> Jacob est intern\u00e9 au d\u00e9p\u00f4t p\u00e9nitencier de Saint Nazaire.<\/li>\n<li>&#8211; <span style=\"text-decoration: underline;\">30 novembre:<\/span> Jacob est transf\u00e9r\u00e9 \u00e0 la prison de Rennes.<\/li>\n<li>&#8211; <span style=\"text-decoration: underline;\">20 d\u00e9cembre:<\/span> Jacob est transf\u00e9r\u00e9 \u00e0 la prison de Melun.<\/li>\n<\/ul>\n<p><strong>1926\u00a0:<\/strong><\/p>\n<ul>\n<li>&#8211; <span style=\"text-decoration: underline;\">19 juin:<\/span> D\u00e9cret pr\u00e9sidentiel ramenant l&#8217;emprisonnement de Jacob \u00e0 deux ans.<\/li>\n<li>&#8211; <span style=\"text-decoration: underline;\">3 ao\u00fbt:<\/span> Jacob est transf\u00e9r\u00e9 \u00e0 la centrale de Fresnes, fin de la correspondance avec Marie Jacob.<\/li>\n<\/ul>\n<p><strong>1927\u00a0:<\/strong><\/p>\n<ul>\n<li>&#8211; Rencontre probable \u00e0 la prison de Fresnes avec les Espagnol Durruti, Jover et Ascso et avec le jeune communiste Fran\u00e7ois Chasseigne, futur d\u00e9put\u00e9 maire d&rsquo;Issoudun et ministre de Vichy<\/li>\n<li>&#8211; <span style=\"text-decoration: underline;\">30 d\u00e9cembre:<\/span> <a href=\"http:\/\/www.atelierdecreationlibertaire.com\/alexandre-jacob\/2008\/05\/30-decembre-1927-alexandre-jacob-est-libre\/#more-269\">Lib\u00e9ration de Jacob<\/a>.<\/li>\n<\/ul>\n<p><strong>1928\u00a0:<\/strong><\/p>\n<ul>\n<li>&#8211; Jacob travaille, gr\u00e2ce \u00e0 l&rsquo;intervention d&rsquo;un ami d&rsquo;Albert Londres, comme <a href=\"http:\/\/www.atelierdecreationlibertaire.com\/alexandre-jacob\/2008\/05\/le-travailleur-libre\/#more-324\">chef d&rsquo;atelier pour l&rsquo;entreprise Marivaux<\/a> (fabrication de bibelots)<\/li>\n<\/ul>\n<p><strong>1929\u00a0:<\/strong><\/p>\n<ul>\n<li>&#8211; participation \u00e0 la lib\u00e9ration du bagnard anarchiste Paul Vial?<\/li>\n<li>&#8211; organisation d&rsquo;une conf\u00e9rence \u00e0 Paris sur l&rsquo;organisation du bagne<\/li>\n<\/ul>\n<p><strong>1930\u00a0:<\/strong><\/p>\n<ul>\n<li>&#8211; Parution de <em>Un m\u00e9decin au bagne<\/em> de Louis Rousseau aux \u00e9ditions <em>Fleury.<\/em><\/li>\n<li>&#8211; Parution du livre <a href=\"http:\/\/www.atelierdecreationlibertaire.com\/alexandre-jacob\/2008\/06\/arbeit-macht-frei-en-guyane\/#more-372\">d&rsquo;Eug\u00e8ne Dieudonn\u00e9, <em>La vie des For\u00e7ats<\/em><\/a>, dans lequel Jacob appara\u00eet sous les traits du bagnard Barrabas.<\/li>\n<\/ul>\n<p><strong>1931\u00a0:<\/strong><\/p>\n<ul>\n<li>&#8211; <span style=\"text-decoration: underline;\">16 janvier:<\/span> Inscription au registre du tribunal de commerce de la Seine comme commer\u00e7ant ambulant.<\/li>\n<li>&#8211;<a href=\"http:\/\/www.atelierdecreationlibertaire.com\/alexandre-jacob\/2008\/06\/georges-eugene-et-jeanne\/#more-444\"> Jacob fr\u00e9quente les Humbert<\/a>, Eug\u00e8ne et Jeanne, animateurs du mouvement n\u00e9o-malthusien, rue de la Du\u00e9e \u00e0 Paris o\u00f9 il contracte un mariage blanc avec la femme d&rsquo;un antifasciste tu\u00e9 en Italie<\/li>\n<li>&#8211; Jacob 1<sup>er<\/sup> lecteur du <em>Voyage au Bout de la Nuit<\/em> de Louis Ferdinand C\u00e9line<\/li>\n<\/ul>\n<p><strong>1935\u00a0:<\/strong><\/p>\n<ul>\n<li>&#8211; Installation au lieu-dit Les Fr\u00e9chots, commune de Fleury la Vall\u00e9e dans l&rsquo;Yonne pr\u00e8s d&rsquo;Auxerre<\/li>\n<li>&#8211; 18 mars: <a href=\"http:\/\/www.atelierdecreationlibertaire.com\/alexandre-jacob\/2008\/08\/jean-valjean-1935\/#more-580\">Article <em>Jean Valjean<\/em> d&rsquo;Alexis Danan paru dans <em>Voil\u00e0<\/em><\/a><\/li>\n<li>&#8211; Echec d&rsquo;un union libre avec la femme d&rsquo;un coll\u00e8gue marchand forain<\/li>\n<li>&#8211; Amiti\u00e9s avec les forains Louis Briselance et bernard Bouquereau et avec le journaliste localier <a href=\"http:\/\/www.atelierdecreationlibertaire.com\/alexandre-jacob\/2008\/04\/interview-de-pierre-valentin-berthier\/#more-59\">Pierre Valentin Berthier<\/a>.<\/li>\n<\/ul>\n<p><strong>1936\u00a0:<\/strong><\/p>\n<ul>\n<li>&#8211; <span style=\"text-decoration: underline;\">Fin de l&rsquo;ann\u00e9e:<\/span> Jacob en Espagne en tant que marchand d&rsquo;agrumes?, possible rencontre avec le marchand d&rsquo;armes Basile Zaharoff dans le midi de la France.<\/li>\n<\/ul>\n<p><strong>1937\u00a0:<\/strong><\/p>\n<ul>\n<li>&#8211; Echec du projet de soutien de Jacob aux r\u00e9publicains espagnols; retour dans le Berry<\/li>\n<li>&#8211; <span style=\"text-decoration: underline;\">15 avril:<\/span> <a href=\"http:\/\/www.atelierdecreationlibertaire.com\/alexandre-jacob\/2008\/06\/mes-bagnards\/#more-428\">article Mes bagnards du commandant Michel dans le magazine Confessions <\/a>des fr\u00e8res Kessel; le papier est presque enti\u00e8rement consacr\u00e9 \u00e0 Alexandre Jacob; premi\u00e8re allusion \u00e0 Ars\u00e8ne Lupin<\/li>\n<\/ul>\n<p><strong>1939<\/strong><\/p>\n<ul>\n<li>&#8211; <a href=\"http:\/\/www.atelierdecreationlibertaire.com\/alexandre-jacob\/2008\/06\/le-voila-proprietaire\/#more-377\">Installation \u00e0 Bois Saint Denis<\/a>, hameau de la commune de Reuilly dans l&rsquo;Indre?<\/li>\n<\/ul>\n<p><strong>1940\u00a0:<\/strong><\/p>\n<ul>\n<li>&#8211; <span style=\"text-decoration: underline;\">22 janvier:<\/span> Mariage d&rsquo;Alexandre Jacob avec Pauline Charron<\/li>\n<\/ul>\n<p><strong>1941\u00a0:<\/strong><\/p>\n<ul>\n<li>&#8211; <span style=\"text-decoration: underline;\">18 juin:<\/span> Mort de Marie Jacob<\/li>\n<\/ul>\n<p><strong>1944\u00a0:<\/strong><\/p>\n<ul>\n<li>&#8211; Des maquisard perquisitionnent chez Jacob croyant trouver chez lui des stocks de tissus utilisables.<\/li>\n<li>&#8211; Amiti\u00e9 avec Guy Denizeau, marchand forain \u00e0 Lussault sur Loire<\/li>\n<\/ul>\n<p><strong><\/strong><\/p>\n<p><strong>1945\u00a0:<\/strong><\/p>\n<ul>\n<li>&#8211; Jacob est condamn\u00e9 par le tribunal d&rsquo;Issoudun \u00e0 quelques jours de prison pour non pr\u00e9sentation de facture sur des rouleaux de tissus.<\/li>\n<\/ul>\n<p><strong>1948\u00a0:<\/strong><\/p>\n<ul>\n<li>&#8211; Ecriture des <em>Souvenirs rassis d&rsquo;un demi si\u00e8cle<\/em> pour la th\u00e8se de l&rsquo;historien Jean Maitron<\/li>\n<\/ul>\n<p><strong>1950\u00a0:<\/strong><\/p>\n<ul>\n<li>&#8211; <span style=\"text-decoration: underline;\">16 d\u00e9cembre:<\/span> Mort de Pauline Charron.<\/li>\n<li>&#8211; L&rsquo;\u00e9crivain Alain sergent, Andr\u00e9 Mah\u00e9 de son vrai nom, passe une dizaine de jours \u00e0 Bois Saint Denis, pour faire la biographie de Jacob.<\/li>\n<li>&#8211; Alain Sergent, \u00ab<em><span style=\"text-decoration: underline;\">Un anarchiste de la Belle Epoque<\/span><\/em>\u00bb, Paris, <em>Le Seuil<\/em>.<\/li>\n<li>&#8211; Jacob cesse son activit\u00e9 de forain.<\/li>\n<\/ul>\n<p><strong>1951\u00a0:<\/strong><\/p>\n<ul>\n<li>&#8211; <span style=\"text-decoration: underline;\">23 ao\u00fbt:<\/span> Robert Passas rencontre Jacob \u00e0 Reuilly.<\/li>\n<\/ul>\n<p><strong>1952\u00a0:<\/strong><\/p>\n<ul>\n<li>&#8211; <span style=\"text-decoration: underline;\">Ao\u00fbt:<\/span> visite des \u00e9poux Passas \u00e0 Bois Saint Denis<\/li>\n<li>&#8211; <span style=\"text-decoration: underline;\">Septembre:<\/span> <a href=\"http:\/\/www.atelierdecreationlibertaire.com\/alexandre-jacob\/2008\/04\/josette-et-marius\/#more-143\">D\u00e9but d&rsquo;une intense correspondance avec Josette Passas<\/a>.<\/li>\n<\/ul>\n<p><strong>1953\u00a0:<\/strong><\/p>\n<ul>\n<li>&#8211; Projet de suicide report\u00e9 d&rsquo;un an en raison de l&rsquo;amour d\u00e9clar\u00e9 pour Josette Passas<\/li>\n<li>&#8211; <span style=\"text-decoration: underline;\">fin de l&rsquo;ann\u00e9e:<\/span> s\u00e9jour de Jacob chez les Denizeau \u00e0 Lussault sur Loire<\/li>\n<li>&#8211; courte correspondance avec le j\u00e9suite Riquet, avec Alain Bombard<\/li>\n<\/ul>\n<p><strong>1954\u00a0:<\/strong><\/p>\n<ul>\n<li>&#8211; <span style=\"text-decoration: underline;\">avril:<\/span> <a href=\"http:\/\/www.atelierdecreationlibertaire.com\/alexandre-jacob\/2008\/12\/lettre-ouverte-a-georges-arnaud\/#more-744\">Article <em>Lettre ouverte \u00e0 Georges Arnaud<\/em> dans le n\u00b066 de <em>D\u00e9fense de l&rsquo;Homme<\/em><\/a><\/li>\n<li>&#8211; <span style=\"text-decoration: underline;\">d\u00e9but ao\u00fbt:<\/span> Josette passe quelques semaines \u00e0 Bois Saint Denis chez Jacob.<\/li>\n<li>&#8211; <span style=\"text-decoration: underline;\">samedi 28 ao\u00fbt:<\/span> banquet offert \u00e0 une dizaine d&rsquo;enfants de Bois Saint Denis<\/li>\n<li>&#8211; <span style=\"text-decoration: underline;\">samedi 28 ao\u00fbt:<\/span> Suicide d&rsquo;Alexandre Marius Jacob.<\/li>\n<li>&#8211; <span style=\"text-decoration: underline;\">D\u00e9cembre:<\/span> parution post-mortem dans <em>L&rsquo;Unique<\/em> de la lettre au procureur de Marseille<\/li>\n<\/ul>\n<p><strong>1964\u00a0:<\/strong><\/p>\n<ul>\n<li>&#8211; <span style=\"text-decoration: underline;\">Ao\u00fbt:<\/span> article<em>L&rsquo;homme qui inspira Ars\u00e8ne Lupin<\/em> d&rsquo;Alain Sergent et Gilbert Guilleminault dans le n\u00b0213 d&rsquo;<em>Historia<\/em><\/li>\n<\/ul>\n<p><strong>1970\u00a0:<\/strong><\/p>\n<ul>\n<li>&#8211; Bernard Thomas, <em>Jacob<\/em>, Tchou<\/li>\n<\/ul>\n<p><strong>1993\u00a0:<\/strong><\/p>\n<ul>\n<li>&#8211; William Caruchet, <em>Marius Jacob l&rsquo;anarchiste cambrioleur<\/em>, S\u00e9guier<\/li>\n<li>&#8211; <a href=\"http:\/\/www.atelierdecreationlibertaire.com\/alexandre-jacob\/2008\/04\/interview-de-claude-nerrand\/#more-36\">Claude Nerrand, pr\u00e9sident du Syndicat d&rsquo;Initiative de Reuilly<\/a> organise une exposition <em>Sur les traces de Marius Jacob<\/em>.<\/li>\n<\/ul>\n<p><strong>1994\u00a0:<\/strong><\/p>\n<ul>\n<li>&#8211; Halfbrodt Michael, <em>Alexandre Marius Jacob, Lebensgeschichte eines anarchistischen Diebes<\/em>, Moers (Allemagne), Syndicat A, 1994.<\/li>\n<\/ul>\n<p><strong>1995\u00a0:<\/strong><\/p>\n<ul>\n<li>&#8211; <a href=\"http:\/\/www.atelierdecreationlibertaire.com\/alexandre-jacob\/2008\/04\/olivier-cueto-la-genese-des-ecrits-de-jacob\/#more-70\">publication par L&rsquo;Insomniaque des <em>Ecrits<\/em> de Jacob<\/a>.<\/li>\n<\/ul>\n<p><strong>1998\u00a0:<\/strong><\/p>\n<ul>\n<li>&#8211; Bernard Thomas, <em>Les vies d&rsquo;Alexandre Jacob<\/em>, Mazarine, 1998<\/li>\n<\/ul>\n<p><strong>1999\u00a0:<\/strong><\/p>\n<ul>\n<li>&#8211; L&rsquo;Insomniaque publie, dans la collection <em>A couteaux tir\u00e9s<\/em>, trois petits volumes reprenant des extraits des <em>Ecrits<\/em>: <em>Travailleurs de la Nuit<\/em>, <em>Extermination \u00e0 la fran\u00e7aise<\/em>, <em>A bas toutes les prisons<\/em><\/li>\n<\/ul>\n<p><strong>2003\u00a0:<\/strong><\/p>\n<ul>\n<li>&#8211; Documentaire de Christine Bouteiller sur Jacob pour la cha\u00eene de t\u00e9l\u00e9vision <em>Toute l&rsquo;Histoire<\/em><\/li>\n<\/ul>\n<p><strong>2004\u00a0:<\/strong><\/p>\n<ul>\n<li>&#8211; <a href=\"http:\/\/www.atelierdecreationlibertaire.com\/alexandre-jacob\/2008\/06\/le-sel-de-jacob-et-laisselle-de-jimmy\/#more-472\">R\u00e9\u00e9dition augment\u00e9e des <em>Ecrits<\/em> de Jacob par L&rsquo;Insomniaque<\/a><\/li>\n<li>&#8211; 23 octobre: <a href=\"http:\/\/www.atelierdecreationlibertaire.com\/alexandre-jacob\/2008\/04\/jacob-dans-limpasse\/#more-13\">inauguration \u00e0 Reuilly d&rsquo;une impasse Marius Jacob<\/a><\/li>\n<li>&#8211; Deuxi\u00e8me exposition <em>Sur les traces de Marius Jacob<\/em> \u00e0 Reuilly<\/li>\n<\/ul>\n<p><strong>2005\u00a0:<\/strong><\/p>\n<ul>\n<li>&#8211; colloque Jacob \u00e0 l&rsquo;occasion des 40 ans du CIRA Marseille<\/li>\n<li>&#8211; r\u00e9\u00e9dition <em>d&rsquo;Un anarchiste de la Belle Epoque<\/em> par les Editions Libertaires<\/li>\n<\/ul>\n<p><strong>2006\u00a0:<\/strong><\/p>\n<ul>\n<li>&#8211;<a href=\"http:\/\/www.atelierdecreationlibertaire.com\/alexandre-jacob\/2008\/09\/l%e2%80%99honnete-soutenance\/#more-729\"> th\u00e8se de Jean-Marc Delpech, <em>Parcours et r\u00e9seaux d&rsquo;un anarchiste<\/em><em>: Alexandre Marius Jacob 1879-1954<\/em>, universit\u00e9 de Nancy II sous la direction de Fran\u00e7ois Roth<\/a><\/li>\n<li>&#8211; <a href=\"http:\/\/www.atelierdecreationlibertaire.com\/alexandre-jacob\/2008\/12\/ca-sent-le-sapin\/#more-895\">Documentaire <em>Pourquoi j&rsquo;ai cambriol\u00e9?<\/em> de Laurent Termignon et Thomas Turner sur Alexandre Jacob, le film \u00e0 ce jour n&rsquo;est toujours pas \u00e9dit\u00e9<\/a>.<\/li>\n<li>&#8211; Bernard Thomas et J\u00e9r\u00f4me Savary, com\u00e9die musicale Demain la Belle sur la vie de Jacob<\/li>\n<\/ul>\n<p><strong>2007\u00a0:<\/strong><\/p>\n<ul>\n<li>&#8211; <a href=\"http:\/\/herel.free.fr\/\">Bande dessin\u00e9e <em>Souvenirs d&rsquo;un r\u00e9volt\u00e9<\/em> de Romain Louvel<\/a><\/li>\n<\/ul>\n<p><strong>2008\u00a0:<\/strong><\/p>\n<ul>\n<li>&#8211; <a href=\"http:\/\/atelierdecreationlibertaire.com\/article.php3?id_article=567\">Jean-Marc Delpech, <em>Alexandre Jacob l&rsquo;honn\u00eate cambrioleur<\/em>, ACL<\/a><\/li>\n<li>&#8211; 10 avril: ouverture du <a href=\"http:\/\/www.atelierdecreationlibertaire.com\/alexandre-jacob\/a-propos\/\">Jacoblog<\/a><\/li>\n<li>&#8211; <a href=\"http:\/\/www.atelierdecreationlibertaire.com\/alexandre-jacob\/2008\/04\/l%e2%80%99article-du-journal-local\/#more-165\">Pose d&rsquo;une plaque tombale Marius Jacob peut-\u00eatre Ars\u00e8ne Lupin <\/a>au cimeti\u00e8re de Reuilly<\/li>\n<\/ul>\n","protected":false},"excerpt":{"rendered":"<p>\u00a0 Une chronologie pour se rep\u00e9rer. Une chronologie pour comprendre. Une chronologie pour \u00e9tablir un lien, pour suivre un fil. Parfois \u00e9pais. Parfois t\u00e9nu. Le fil d&rsquo;une vie. Celui que l&rsquo;honn\u00eate cambrioleur en retraite Jacob coupe le 28 ao\u00fbt 1954. Une chronologie \u00e0 caract\u00e8re historiographique aussi. A lire, \u00e0 commenter, \u00e0 compl\u00e9ter \u00e9ventuellement, \u00e0 imprimer, [&hellip;]<\/p>\n","protected":false},"author":2,"featured_media":0,"parent":0,"menu_order":0,"comment_status":"open","ping_status":"open","template":"","meta":[],"_links":{"self":[{"href":"http:\/\/www.atelierdecreationlibertaire.com\/alexandre-jacob\/wp-json\/wp\/v2\/pages\/1381"}],"collection":[{"href":"http:\/\/www.atelierdecreationlibertaire.com\/alexandre-jacob\/wp-json\/wp\/v2\/pages"}],"about":[{"href":"http:\/\/www.atelierdecreationlibertaire.com\/alexandre-jacob\/wp-json\/wp\/v2\/types\/page"}],"author":[{"embeddable":true,"href":"http:\/\/www.atelierdecreationlibertaire.com\/alexandre-jacob\/wp-json\/wp\/v2\/users\/2"}],"replies":[{"embeddable":true,"href":"http:\/\/www.atelierdecreationlibertaire.com\/alexandre-jacob\/wp-json\/wp\/v2\/comments?post=1381"}],"version-history":[{"count":0,"href":"http:\/\/www.atelierdecreationlibertaire.com\/alexandre-jacob\/wp-json\/wp\/v2\/pages\/1381\/revisions"}],"wp:attachment":[{"href":"http:\/\/www.atelierdecreationlibertaire.com\/alexandre-jacob\/wp-json\/wp\/v2\/media?parent=1381"}],"curies":[{"name":"wp","href":"https:\/\/api.w.org\/{rel}","templated":true}]}}